{"id":23,"date":"2022-09-08T15:59:24","date_gmt":"2022-09-08T13:59:24","guid":{"rendered":"http:\/\/przedsiebiorczyszczecin.stararzeznia.eu\/?page_id=23"},"modified":"2022-10-28T13:07:12","modified_gmt":"2022-10-28T11:07:12","slug":"przedsiebiorczy-szczecin","status":"publish","type":"page","link":"https:\/\/przedsiebiorczyszczecin.stararzeznia.eu\/","title":{"rendered":"Przedsi\u0119biorczy Szczecin"},"content":{"rendered":"\n\n\t\t\t\t<img decoding=\"async\" src=\"http:\/\/przedsiebiorczyszczecin.stararzeznia.eu\/wp-content\/uploads\/2022\/08\/logo-dark.png\" alt=\"logo-dark\" title=\"logo-dark\" itemprop=\"image\"\/>\n\t\t\t\t<img decoding=\"async\" src=\"http:\/\/przedsiebiorczyszczecin.stararzeznia.eu\/wp-content\/uploads\/2022\/08\/starza-rzeznia.png\" alt=\"starza rze\u017ania\" title=\"starza rze\u017ania\" itemprop=\"image\"\/>\n\t\t<h3>Centrum Kultury Euroregionu Stara Rze\u017ania<\/h3>\t\t\t\n\t\t\t\t<p>Tadeusza Apolinarego Wendy 14, 70-655 Szczecin<\/p>\n\t\t\t\t<img decoding=\"async\" src=\"http:\/\/przedsiebiorczyszczecin.stararzeznia.eu\/wp-content\/uploads\/2022\/09\/album-PS.jpg\" alt=\"album-PS\" title=\"album-PS\" itemprop=\"image\"\/>\n\t\t<h2>Album &#8222;Przedsi\u0119biorczy Szczecin&#8221;<\/h2>\t\t\t\n\t\t\t\t<p>\u00a0jest si\u00f3dmym z cyklu album\u00f3w wydanych wsp\u00f3lnie przez Grup\u0119 CSL oraz Szczeci\u0144skie Towarzystwo Fotograficzne. Poprzednie albumy tak\u017ce dotyczy\u0142y naszego miasta i jako publikacje na wysokim poziomie fotograficznym, edytorskim oraz poligraficznym dobrze promowa\u0142y Szczecin w Polsce i na \u015bwiecie. Dodatkowym ich atutem by\u0142o i jest nadal, to \u017ce s\u0105 w trzech j\u0119zykach &#8211; wszystkie teksty w j\u0119zyku polskim s\u0105 przet\u0142umaczone na niemiecki i angielski.<\/p>\n\t\t\t<h2>Prezydent Miasta Szczecin<\/h2>\t\t\t\n\t\t\t\tSzczeci\u0144skie Towarzystwo Fotograficzne po raz kolejny przygotowa\u0142o publikacj\u0119 ukazuj\u0105c\u0105 pi\u0119kno i wyj\u0105tkowo\u015b\u0107 stolicy Pomorza Zachodniego. \u201ePrzedsi\u0119biorczy Szczecin&#8221; w spos\u00f3b oryginalny przedstawia gospodarcze i biznesowe oblicze miasta. Nie brakuje w nim zdj\u0119\u0107 wsp\u00f3\u0142czesnych przedsi\u0119biorstw oraz niewielkich zak\u0142ad\u00f3w i lokali. Zaskakuj\u0105ce, a zarazem niezwykle interesuj\u0105ce s\u0105 tak\u017ce fotografie po\u015bwi\u0119cone pami\u0105tkom po wielkich przedwojennych fabrykantach.<br \/>\nPod koniec XIX wieku nast\u0105pi\u0142 rozw\u00f3j gospodarczy Szczecina. W 1851 r. swoj\u0105 dzia\u0142alno\u015b\u0107 rozpocz\u0119\u0142a stocznia Vulcan-Werft funkcjonuj\u0105ca na Drzetowie. Nie spos\u00f3b nie wspomnie\u0107 tak\u017ce o s\u0142ynnym szczeci\u0144skim przedsi\u0119biorcy, filantropie i wizjonerze Johannesie Quistorpie, w\u0142a\u015bcicielu cegielni parowej, za\u0142o\u017cycielu sp\u00f3\u0142ki budowlanej i inicjatorze powstania nowych dzielnic Szczecina: Westendu, Neu Westendu i Braunsfelde (obecne zachodnia cz\u0119\u015b\u0107 centrum, \u0141\u0119kno i Pogodno). Na tych terenach do dnia dzisiejszego stoj\u0105 najpi\u0119kniejsze wille, m.in. okaza\u0142a willa Lentza.\n\t\t\t\tHistori\u0119 przedsi\u0119biorczo\u015bci w przedwojennym Szczecinie tworzy\u0142 r\u00f3wnie\u017c Bernhard Stoewer, w\u0142a\u015bciciel kompleksu fabrycznego, gdzie powstawa\u0142y maszyny do pisania i rowery. Jego synowie Emil i Bernhard junior stworzyli fabryk\u0119 samochod\u00f3w przy dzisiejszej<br \/>\nalei Wojska Polskiego.<br \/>\nWsp\u00f3\u0142czesny Szczecin to przede wszystkim wa\u017cny o\u015brodek gospodarki morskiej, a tak\u017ce miejsce dzia\u0142alno\u015bci firm z wielu r\u00f3\u017cnorodnych bran\u017c m.in. z obszaru logistyki, budownictwa, nowoczesnych technologii czy IT.<br \/>\nW ostatnich latach poczyniono du\u017ce inwestycje<br \/>\ni w\u0142a\u015bciwie od podstaw stworzono nowy segment gospodarki &#8211; nowoczesne us\u0142ugi wsparcia biznesu BPO<br \/>\ni ICT, a tak\u017ce specjalne strefy ekonomiczne.<br \/>\nDzi\u0119ki swoim licznym atutom Szczecin jest dzisiaj widziany jako atrakcyjny cel turystyczny, dobre miejsce do zamieszkania, a tak\u017ce budowania biznesu. Jestem przekonany, \u017ce album, kt\u00f3ry trzymacie Pa\u0144stwo w r\u0119kach, przybli\u017cy wiele interesuj\u0105cych aspekt\u00f3w przedsi\u0119biorczo\u015bci w naszym mie\u015bcie.<br \/>\nPrzyjemnej lektury!<br \/>\nPiotr Krzystek<br \/>\nPrezydent Miasta Szczecin\n\t\t\t\t<img decoding=\"async\" src=\"http:\/\/przedsiebiorczyszczecin.stararzeznia.eu\/wp-content\/uploads\/2022\/09\/07.png\" alt=\"07\" title=\"07\" itemprop=\"image\"\/>\n\t\t<h2>Historia szczeci\u0144skiego przemys\u0142u<\/h2>\t\t\t\n\t\t\t\t<p>Szczecin to przede wszystkim miasto portowe, kt\u00f3rego gospodarka zale\u017cna jest w bardzo du\u017cym stopniu od dost\u0119pu do rzeki Odry oraz Morza Ba\u0142tyckiego. B\u0142yskawiczny rozw\u00f3j przemys\u0142u miasta to wiek XIX. Uwarunkowany by\u0142 on wieloma czynnikami politycznymi i spo\u0142ecznymi, w tym mi\u0119dzy innymi zmianami w zabudowie miejskiej (likwidacja zabudowa\u0144 fortecznych) czy rosn\u0105c\u0105 liczb\u0105 ludno\u015bci. Nie bez znaczenia by\u0142a te\u017c rozbudowa mi\u0119dzy innymi po\u0142\u0105czenia kolejowego i infrastruktury transportowej. Wiod\u0105c\u0105 ga\u0142\u0119zi\u0105 przemys\u0142u w drugiej po\u0142owie wieku XIX i na pocz\u0105tku XX by\u0142 przemys\u0142 stoczniowy, na potrzeby kt\u00f3rego stopniowo i konsekwentnie rozbudowywano poszczeg\u00f3lne cz\u0119\u015bci miasta, jak na przyk\u0142ad dzielnice p\u00f3\u0142nocne (Grabowo, Drzetowo). Tam w\u0142a\u015bnie, przy bliskim po\u0142o\u017ceniu nad Odr\u0105, rozwija\u0142 si\u0119 przemys\u0142 ci\u0119\u017cki i gospodarka stoczniowa, w tym mi\u0119dzy innymi takie zak\u0142ady, jak: pierwsza stocznia Vulcan, Stettiner Oderwerke czy odlewnia \u017celaza. W Podjuchach i Zdrojach dzia\u0142a\u0142y z kolei cementownie, niemniej istotne dla rozwoju przemys\u0142u w Szczecinie. Zapotrzebowanie na tani\u0105 si\u0142\u0119 robocz\u0105 spowodowa\u0142o, \u017ce miasto zacz\u0119\u0142o tworzy\u0107 r\u00f3wnie\u017c dzielnice dla robotnik\u00f3w. Poza przemys\u0142em stoczniowym, z biegiem lat zacz\u0105\u0142 dzia\u0142a\u0107 tak\u017ce przemys\u0142 metalowy, maszynowy czy chemiczny. B\u0142yskawicznie rozwija\u0142y si\u0119 tereny portu, systematycznie rozwijane i zabudowywane nowoczesn\u0105 (jak na tamte czasy) infrastruktur\u0105, kt\u00f3re obejmowa\u0142y \u0141asztowni\u0119, okolice Regalicy i K\u0119py Parnickiej. Upadek szczeci\u0144skiego przemys\u0142u przynios\u0142a II wojna \u015bwiatowa: zniszczenia w wyniku nalot\u00f3w bombowych, a nast\u0119pnie grabie\u017c tego, co zosta\u0142o przez wojska radzieckie doprowadzi\u0142y do sytuacji wymagaj\u0105cej ponownej, d\u0142ugotrwa\u0142ej i \u017cmudnej odbudowy przemys\u0142u. Niekt\u00f3re zak\u0142ady, jak na przyk\u0142ad stoczni\u0119 zacz\u0119to odbudowywa\u0107 jeszcze w latach czterdziestych i pi\u0119\u0107dziesi\u0105tych XX wieku. Centralne zarz\u0105dzanie gospodark\u0105 i opieka pa\u0144stwa, jak r\u00f3wnie\u017c otwarcie si\u0119 na rynki zagraniczne zw\u0142aszcza przemys\u0142u morskiego przynios\u0142y stopniowy rozkwit w ostatnich trzech dekadach XX wieku. Do najwa\u017cniejszych zak\u0142ad\u00f3w okresu powojennego nale\u017ca\u0142a niew\u0105tpliwie Stocznia Szczeci\u0144ska im. Adolfa Warskiego. Dzi\u015b w Szczecinie tworzy si\u0119 miejsca dla nowych ga\u0142\u0119zi gospodarki dzi\u0119ki czemu miasto nieustannie si\u0119 rozwija.<\/p>\n\t\t\t<h2>Infrastruktura przemys\u0142owa<\/h2>\t\t\t\n\t\t\t\t<p>Do dzi\u015b najwa\u017cniejsz\u0105 ga\u0142\u0119zi\u0105 przemys\u0142u w Szczecinie pozostaje gospodarska morska, przemys\u0142 stoczniowy czy us\u0142ugi portowe. Wed\u0142ug oficjalnych danych szczeci\u0144skie zak\u0142ady specjalizuj\u0105ce si\u0119 w gospodarce morskiej stanowi\u0105 35,4% og\u00f3\u0142u przedsi\u0119biorstw z Pomorza Zachodniego. Do najwa\u017cniejszych zada\u0144 przemys\u0142u stoczniowego nale\u017c\u0105 mi\u0119dzy innymi: produkcja statk\u00f3w oraz ich naprawy, prze\u0142adunek towar\u00f3w czy transport wodny. Od 2000 roku swoj\u0105 dzia\u0142alno\u015b\u0107 rozpocz\u0105\u0142 Zarz\u0105d Morskich Port\u00f3w Szczecin i \u015awinouj\u015bcie. Na infrastruktur\u0119 portu sk\u0142adaj\u0105 si\u0119 obecnie m.in.: cztery elewatory, nowoczesne stanowiska wy\u0142adunkowo-za\u0142adunkowe zb\u00f3\u017c na wagony kolejowe, rentgen paletowy do szybkiej i sprawnej kontroli \u0142adunk\u00f3w. Realizacja plan\u00f3w inwestycyjnych pozwoli\u0142a na modernizacj\u0119 infrastruktury transportowej i nabrze\u017cy. Do najwa\u017cniejszych element\u00f3w infrastruktury stoczniowej nale\u017c\u0105 te\u017c \u017curawie i pochylnie, nabrze\u017ca, hale produkcyjne czy place prefabrykacyjne. Dzia\u0142alno\u015b\u0107 portu funkcjonuje r\u00f3wnie\u017c dzi\u0119ki \u0142atwemu transportowi wodnemu i l\u0105dowemu. Coraz szybciej rozwija si\u0119 te\u017c bran\u017ca teleinformatyczna (ICT) &#8211; przyk\u0142adem jest Technopark Pomerania. To ogromny i nowoczesny kompleks biurowy, w kt\u00f3rym dzia\u0142a 60 firm. Miasto charakteryzuje rozw\u00f3j nowoczesnej, konstruowanej pod nowe bran\u017ce &#8211; nie tylko technologiczne &#8211; infrastruktury. Hale magazynowe czy parki przemys\u0142owe powstaj\u0105 w specjalnie wyznaczonych strefach. Dobre po\u0142o\u017cenie, szybki i \u0142atwy transport zapewniaj\u0105 sprawne funkcjonowanie przedsi\u0119biorstw i zak\u0142ad\u00f3w pod wzgl\u0119dem logistyki i \u0142atwego dost\u0119pu do rynk\u00f3w zbytu w kraju i zagranic\u0105. Wci\u0105\u017c powstaj\u0105 nowe nieruchomo\u015bci &#8211; w tym nowoczesne przestrzenie biurowe &#8211; tworzone z my\u015bl\u0105 o rozwoju nowoczesnych firm i przedsi\u0119biorstw, mi\u0119dzy innymi: kompleksy Piast\u00f3w Office Centre, Lastadia Office czy Hanza Tower. Rozwojowi przemys\u0142u i nowych przedsi\u0119biorstw sprzyja r\u00f3wnie\u017c otwarta polityka miasta, zach\u0119caj\u0105ca do inwestowania w jego granicach administracyjnych. Szczecin zach\u0119ca zar\u00f3wno dobrym po\u0142o\u017ceniem blisko Niemiec, jak r\u00f3wnie\u017c nieustannym rozwojem turystyki, gospodarki, komunikacji czy urbanizacji, staj\u0105c si\u0119 stopniowo nowoczesnym europejskim o\u015brodkiem.<\/p>\n\t\t\t<h2>Rzemie\u015blnicy i drobny przemys\u0142<\/h2>\t\t\t\n\t\t\t\t<p>W\u015br\u00f3d zak\u0142ad\u00f3w rzemie\u015blniczych Szczecina znajduj\u0105 si\u0119 zar\u00f3wno te starsze &#8211; powsta\u0142e kr\u00f3tko po wojnie, jak i nowe. Wszystkie mimo trudno\u015bci, zmiennych koniunktur, a zw\u0142aszcza przewagi du\u017cych firm pr\u00f3buj\u0105 utrzyma\u0107 si\u0119 na lokalnym rynku, wpisuj\u0105c si\u0119 w gospodarcz\u0105 map\u0119 miasta. Najstarsze zak\u0142ady, takie jak dzia\u0142aj\u0105cy od 1945 r. sklep z lampami czy salon kapeluszy przy ul. Bohater\u00f3w Getta s\u0105 dzi\u015b r\u00f3wnie\u017c miejscami nostalgicznych wspomnie\u0144 i historycznymi ciekawostkami.<br \/>W samym \u015ar\u00f3dmie\u015bciu dzia\u0142aj\u0105 jeszcze m.in.: pracownia z\u0142otnicza Ireneusza Markuna, zak\u0142ad ku\u015bnierski Miros\u0142awa Diaczenko, salony fryzjerskie, zak\u0142ad fotograficzny Minifot, pracownia modniarska, zak\u0142ady krawieckie czy stolarskie. W\u015br\u00f3d zak\u0142ad\u00f3w o kr\u00f3tszym sta\u017cu znalaz\u0142y si\u0119: pracownia gitar klasycznych Ireneusza Skoczka czy manufaktura sk\u00f3rzana Kaphorn przy ulicy Rayskiego. Du\u017c\u0105 popularno\u015bci\u0105 ciesz\u0105 si\u0119 lokalne bazary i ma\u0142e rynki, na przyk\u0142ad na Pogodnie czy na tzw. \u201eManhattanie&#8221; (ul. Ko\u0142\u0142\u0105taja). Ponadto, szczeci\u0144ski drobny przemys\u0142 tworz\u0105 r\u00f3wnie\u017c takie bran\u017ce jak: odzie\u017cowa, kosmetyczna, spo\u017cywcza, nowoczesne salony urody, jubilerzy.<br \/>Od 1945 r. w Szczecinie dzia\u0142a te\u017c Izba Rzemie\u015blnicza Ma\u0142ej i \u015aredniej Przedsi\u0119biorczo\u015bci, zrzeszaj\u0105ca cechy (m.in.: Cech Rzemios\u0142 Spo\u017cywczych, Cech rzemios\u0142 Metalowych i Elektrycznych, Cech Rzemie\u015blnik\u00f3w i Przedsi\u0119biorc\u00f3w, Cech Rzemios\u0142 R\u00f3\u017cnych), sp\u00f3\u0142dzielnie (m.in. Sp\u00f3\u0142dzielnia Przedsi\u0119biorc\u00f3w Budowlanych BUDOWA)<br \/>i indywidualnych przedsi\u0119biorc\u00f3w. Lokalna spo\u0142eczno\u015b\u0107 stara si\u0119 wspiera\u0107 drobnych rzemie\u015blnik\u00f3w. Co wi\u0119cej, realizowane s\u0105 r\u00f3wnie\u017c inicjatywy maj\u0105ce na celu zwr\u00f3cenie uwagi na wci\u0105\u017c istniej\u0105ce zak\u0142ady rzemie\u015blnicze, takie jak na przyk\u0142ad Mapa Szczeci\u0144skich Rzemie\u015blnik\u00f3w czy wydarzenia o profilu kulturalno-rozrywkowym,<br \/>w ramach kt\u00f3rych szczeci\u0144scy rzemie\u015blnicy mog\u0105 zaprezentowa\u0107 swoje produkty i us\u0142ugi &#8211; jak na przyk\u0142ad coroczny Rajski Dzie\u0144 na Rayskiego.<\/p>\n\t\t\t<h2>Przemys\u0142 wsp\u00f3\u0142czeny<\/h2>\t\t\t\n\t\t\t\t<p>Poza wci\u0105\u017c rozwijaj\u0105cym si\u0119 przemys\u0142em morskim,<br \/>w Szczecinie rozwijaj\u0105 si\u0119 tak\u017ce inne ga\u0142\u0119zie przemys\u0142u, r\u00f3wnie\u017c te najbardziej innowacyjne. Nale\u017c\u0105 do nich niew\u0105tpliwie bran\u017ce zwi\u0105zane z najnowszymi technologiami i systemami informatycznymi (IT). Wa\u017cne miejsce na gospodarczej mapie miasta zajmuje r\u00f3wnie\u017c handel.<br \/>W centrum miasta znajduj\u0105 si\u0119 dwa du\u017ce centra handlowe CH Galaxy oraz CH Kaskada. Galerie handlowe dzia\u0142aj\u0105 r\u00f3wnie\u017c poza \u015ar\u00f3dmie\u015bciem, na przyk\u0142ad CH Ster na Gumie\u0144cach czy Galeria Turzyn. W 2021 roku zbudowano i otwarto d\u0142ugo wyczekiwany sklep IKEA. Bogaty kompleks handlowo-us\u0142ugowy znajduje si\u0119 przy ulicy Mieszka I, gdzie funkcjonuj\u0105 r\u00f3wnie\u017c markety z bran\u017cy budowlanej. W bran\u017cy spo\u017cywczej dominuje produkcja legendarnego paprykarza czy PPC \u201eGryf&#8221; produkuj\u0105cy produkty cukiernicze . Istotna jest r\u00f3wnie\u017c dzia\u0142alno\u015b\u0107 sp\u00f3\u0142dzielni \u201eSpo\u0142em&#8221;. W przemy\u015ble browarniczym dominuje browar \u201eBosman&#8221;, od niedawna produkowana jest ponownie r\u00f3wnie\u017c szczeci\u0144ska w\u00f3dka &#8211; Starka. Doskonale rozwija si\u0119 logistyka &#8211; z ka\u017cdym rokiem firmy wynajmuj\u0105 coraz wi\u0119cej powierzchni magazynowych (wed\u0142ug danych w roku 2020 by\u0142o to prawie 50 tys. m2). Inwestycjom sprzyja geograficzne po\u0142o\u017cenie miasta i dost\u0119p do p\u00f3\u0142nocnej czy zachodniej cz\u0119\u015bci kontynentu. Niezwykle obiecuj\u0105c\u0105 jest bran\u017ca biotechnologiczna, wymagaj\u0105ca specjalistycznej wiedzy z zakresu nauk \u015bcis\u0142ych.<br \/>W Szczecinie funkcjonuj\u0105 r\u00f3wnie\u017c specjalne Strefy Ekonomiczne UE: Podstrefa Szczecin Specjalnej Strefy Ekonomicznej Euro-Park Mielec oraz Kostrzy\u0144sko-S\u0142ubickiej Specjalnej Strefy Ekonomicznej. Warto doda\u0107, \u017ce miasto oferuje firmom i pracodawcom wysoko wykwalifikowan\u0105 kadr\u0119 pracownik\u00f3w we wszystkich wymienionych bran\u017cach. Uczelnie takie jak: Uniwersytet Szczeci\u0144ski, Akademia Morska, Pomorski Uniwersytet Medyczny czy Zachodniopomorski Uniwersytet Technologiczny &#8211; ale r\u00f3wnie\u017c szereg uczelni niepublicznych &#8211; dostarczaj\u0105 ka\u017cdego roku \u015bwietnie wykszta\u0142conych absolwent\u00f3w, kt\u00f3rych kompetencje dotycz\u0105 r\u00f3wnie\u017c wsp\u00f3\u0142pracy mi\u0119dzynarodowej, a tym samym znajomo\u015bci najnowszych kierunk\u00f3w i trend\u00f3w w rozwoju poszczeg\u00f3lnych dziedzin.<\/p>\n\t\t\t\t<img decoding=\"async\" src=\"http:\/\/przedsiebiorczyszczecin.stararzeznia.eu\/wp-content\/uploads\/2022\/08\/logo-white.png\" alt=\"logo-white\" title=\"logo-white\" itemprop=\"image\"  \/>\n\t\t\t\t<img decoding=\"async\" src=\"http:\/\/przedsiebiorczyszczecin.stararzeznia.eu\/wp-content\/uploads\/2022\/09\/WS-Logotypy.png\" alt=\"WS-Logotypy\" title=\"WS-Logotypy\" itemprop=\"image\"  \/>\n\n","protected":false},"excerpt":{"rendered":"","protected":false},"author":1,"featured_media":0,"parent":0,"menu_order":0,"comment_status":"closed","ping_status":"closed","template":"tpl-no-header-footer.php","meta":{"footnotes":""},"class_list":["post-23","page","type-page","status-publish","hentry"],"yoast_head":"<!-- This site is optimized with the Yoast SEO plugin v27.5 - https:\/\/yoast.com\/product\/yoast-seo-wordpress\/ -->\n<title>Przedsi\u0119biorczy Szczecin - Przedsi\u0119biorczy Szczecin<\/title>\n<meta name=\"robots\" content=\"index, follow, max-snippet:-1, max-image-preview:large, max-video-preview:-1\" \/>\n<link rel=\"canonical\" href=\"https:\/\/przedsiebiorczyszczecin.stararzeznia.eu\/\" \/>\n<meta property=\"og:locale\" content=\"pl_PL\" \/>\n<meta property=\"og:type\" content=\"article\" \/>\n<meta property=\"og:title\" content=\"Przedsi\u0119biorczy Szczecin - Przedsi\u0119biorczy Szczecin\" \/>\n<meta property=\"og:url\" content=\"https:\/\/przedsiebiorczyszczecin.stararzeznia.eu\/\" \/>\n<meta property=\"og:site_name\" content=\"Przedsi\u0119biorczy Szczecin\" \/>\n<meta property=\"article:modified_time\" content=\"2022-10-28T11:07:12+00:00\" \/>\n<meta property=\"og:image\" content=\"http:\/\/przedsiebiorczyszczecin.stararzeznia.eu\/wp-content\/uploads\/2022\/08\/logo-dark.png\" \/>\n<meta name=\"twitter:card\" content=\"summary_large_image\" \/>\n<script type=\"application\/ld+json\" class=\"yoast-schema-graph\">{\"@context\":\"https:\\\/\\\/schema.org\",\"@graph\":[{\"@type\":\"WebPage\",\"@id\":\"https:\\\/\\\/przedsiebiorczyszczecin.stararzeznia.eu\\\/\",\"url\":\"https:\\\/\\\/przedsiebiorczyszczecin.stararzeznia.eu\\\/\",\"name\":\"Przedsi\u0119biorczy Szczecin - Przedsi\u0119biorczy Szczecin\",\"isPartOf\":{\"@id\":\"https:\\\/\\\/przedsiebiorczyszczecin.stararzeznia.eu\\\/#website\"},\"primaryImageOfPage\":{\"@id\":\"https:\\\/\\\/przedsiebiorczyszczecin.stararzeznia.eu\\\/#primaryimage\"},\"image\":{\"@id\":\"https:\\\/\\\/przedsiebiorczyszczecin.stararzeznia.eu\\\/#primaryimage\"},\"thumbnailUrl\":\"http:\\\/\\\/przedsiebiorczyszczecin.stararzeznia.eu\\\/wp-content\\\/uploads\\\/2022\\\/08\\\/logo-dark.png\",\"datePublished\":\"2022-09-08T13:59:24+00:00\",\"dateModified\":\"2022-10-28T11:07:12+00:00\",\"breadcrumb\":{\"@id\":\"https:\\\/\\\/przedsiebiorczyszczecin.stararzeznia.eu\\\/#breadcrumb\"},\"inLanguage\":\"pl-PL\",\"potentialAction\":[{\"@type\":\"ReadAction\",\"target\":[\"https:\\\/\\\/przedsiebiorczyszczecin.stararzeznia.eu\\\/\"]}]},{\"@type\":\"ImageObject\",\"inLanguage\":\"pl-PL\",\"@id\":\"https:\\\/\\\/przedsiebiorczyszczecin.stararzeznia.eu\\\/#primaryimage\",\"url\":\"https:\\\/\\\/przedsiebiorczyszczecin.stararzeznia.eu\\\/wp-content\\\/uploads\\\/2022\\\/08\\\/logo-dark.png\",\"contentUrl\":\"https:\\\/\\\/przedsiebiorczyszczecin.stararzeznia.eu\\\/wp-content\\\/uploads\\\/2022\\\/08\\\/logo-dark.png\",\"width\":2000,\"height\":769},{\"@type\":\"BreadcrumbList\",\"@id\":\"https:\\\/\\\/przedsiebiorczyszczecin.stararzeznia.eu\\\/#breadcrumb\",\"itemListElement\":[{\"@type\":\"ListItem\",\"position\":1,\"name\":\"Home\",\"item\":\"https:\\\/\\\/przedsiebiorczyszczecin.stararzeznia.eu\\\/\"},{\"@type\":\"ListItem\",\"position\":2,\"name\":\"Przedsi\u0119biorczy Szczecin\"}]},{\"@type\":\"WebSite\",\"@id\":\"https:\\\/\\\/przedsiebiorczyszczecin.stararzeznia.eu\\\/#website\",\"url\":\"https:\\\/\\\/przedsiebiorczyszczecin.stararzeznia.eu\\\/\",\"name\":\"Przedsi\u0119biorczy Szczecin\",\"description\":\"Album fotograficzny\",\"potentialAction\":[{\"@type\":\"SearchAction\",\"target\":{\"@type\":\"EntryPoint\",\"urlTemplate\":\"https:\\\/\\\/przedsiebiorczyszczecin.stararzeznia.eu\\\/?s={search_term_string}\"},\"query-input\":{\"@type\":\"PropertyValueSpecification\",\"valueRequired\":true,\"valueName\":\"search_term_string\"}}],\"inLanguage\":\"pl-PL\"}]}<\/script>\n<!-- \/ Yoast SEO plugin. -->","yoast_head_json":{"title":"Przedsi\u0119biorczy Szczecin - Przedsi\u0119biorczy Szczecin","robots":{"index":"index","follow":"follow","max-snippet":"max-snippet:-1","max-image-preview":"max-image-preview:large","max-video-preview":"max-video-preview:-1"},"canonical":"https:\/\/przedsiebiorczyszczecin.stararzeznia.eu\/","og_locale":"pl_PL","og_type":"article","og_title":"Przedsi\u0119biorczy Szczecin - Przedsi\u0119biorczy Szczecin","og_url":"https:\/\/przedsiebiorczyszczecin.stararzeznia.eu\/","og_site_name":"Przedsi\u0119biorczy Szczecin","article_modified_time":"2022-10-28T11:07:12+00:00","og_image":[{"url":"http:\/\/przedsiebiorczyszczecin.stararzeznia.eu\/wp-content\/uploads\/2022\/08\/logo-dark.png","type":"","width":"","height":""}],"twitter_card":"summary_large_image","schema":{"@context":"https:\/\/schema.org","@graph":[{"@type":"WebPage","@id":"https:\/\/przedsiebiorczyszczecin.stararzeznia.eu\/","url":"https:\/\/przedsiebiorczyszczecin.stararzeznia.eu\/","name":"Przedsi\u0119biorczy Szczecin - Przedsi\u0119biorczy Szczecin","isPartOf":{"@id":"https:\/\/przedsiebiorczyszczecin.stararzeznia.eu\/#website"},"primaryImageOfPage":{"@id":"https:\/\/przedsiebiorczyszczecin.stararzeznia.eu\/#primaryimage"},"image":{"@id":"https:\/\/przedsiebiorczyszczecin.stararzeznia.eu\/#primaryimage"},"thumbnailUrl":"http:\/\/przedsiebiorczyszczecin.stararzeznia.eu\/wp-content\/uploads\/2022\/08\/logo-dark.png","datePublished":"2022-09-08T13:59:24+00:00","dateModified":"2022-10-28T11:07:12+00:00","breadcrumb":{"@id":"https:\/\/przedsiebiorczyszczecin.stararzeznia.eu\/#breadcrumb"},"inLanguage":"pl-PL","potentialAction":[{"@type":"ReadAction","target":["https:\/\/przedsiebiorczyszczecin.stararzeznia.eu\/"]}]},{"@type":"ImageObject","inLanguage":"pl-PL","@id":"https:\/\/przedsiebiorczyszczecin.stararzeznia.eu\/#primaryimage","url":"https:\/\/przedsiebiorczyszczecin.stararzeznia.eu\/wp-content\/uploads\/2022\/08\/logo-dark.png","contentUrl":"https:\/\/przedsiebiorczyszczecin.stararzeznia.eu\/wp-content\/uploads\/2022\/08\/logo-dark.png","width":2000,"height":769},{"@type":"BreadcrumbList","@id":"https:\/\/przedsiebiorczyszczecin.stararzeznia.eu\/#breadcrumb","itemListElement":[{"@type":"ListItem","position":1,"name":"Home","item":"https:\/\/przedsiebiorczyszczecin.stararzeznia.eu\/"},{"@type":"ListItem","position":2,"name":"Przedsi\u0119biorczy Szczecin"}]},{"@type":"WebSite","@id":"https:\/\/przedsiebiorczyszczecin.stararzeznia.eu\/#website","url":"https:\/\/przedsiebiorczyszczecin.stararzeznia.eu\/","name":"Przedsi\u0119biorczy Szczecin","description":"Album fotograficzny","potentialAction":[{"@type":"SearchAction","target":{"@type":"EntryPoint","urlTemplate":"https:\/\/przedsiebiorczyszczecin.stararzeznia.eu\/?s={search_term_string}"},"query-input":{"@type":"PropertyValueSpecification","valueRequired":true,"valueName":"search_term_string"}}],"inLanguage":"pl-PL"}]}},"_links":{"self":[{"href":"https:\/\/przedsiebiorczyszczecin.stararzeznia.eu\/index.php?rest_route=\/wp\/v2\/pages\/23","targetHints":{"allow":["GET"]}}],"collection":[{"href":"https:\/\/przedsiebiorczyszczecin.stararzeznia.eu\/index.php?rest_route=\/wp\/v2\/pages"}],"about":[{"href":"https:\/\/przedsiebiorczyszczecin.stararzeznia.eu\/index.php?rest_route=\/wp\/v2\/types\/page"}],"author":[{"embeddable":true,"href":"https:\/\/przedsiebiorczyszczecin.stararzeznia.eu\/index.php?rest_route=\/wp\/v2\/users\/1"}],"replies":[{"embeddable":true,"href":"https:\/\/przedsiebiorczyszczecin.stararzeznia.eu\/index.php?rest_route=%2Fwp%2Fv2%2Fcomments&post=23"}],"version-history":[{"count":22,"href":"https:\/\/przedsiebiorczyszczecin.stararzeznia.eu\/index.php?rest_route=\/wp\/v2\/pages\/23\/revisions"}],"predecessor-version":[{"id":92,"href":"https:\/\/przedsiebiorczyszczecin.stararzeznia.eu\/index.php?rest_route=\/wp\/v2\/pages\/23\/revisions\/92"}],"wp:attachment":[{"href":"https:\/\/przedsiebiorczyszczecin.stararzeznia.eu\/index.php?rest_route=%2Fwp%2Fv2%2Fmedia&parent=23"}],"curies":[{"name":"wp","href":"https:\/\/api.w.org\/{rel}","templated":true}]}}